{"id":63501,"date":"2026-04-16T21:37:20","date_gmt":"2026-04-16T19:37:20","guid":{"rendered":"https:\/\/andanafoto.com\/?post_type=podcast&#038;p=63501"},"modified":"2026-04-16T22:27:21","modified_gmt":"2026-04-16T20:27:21","slug":"la-fotografia-contemplativa-con-calma","status":"publish","type":"podcast","link":"https:\/\/andanafoto.com\/en\/podcast\/la-fotografia-contemplativa-con-calma\/","title":{"rendered":"La fotograf\u00eda contemplativa, con calma"},"content":{"rendered":"<p>&nbsp;<\/p>\n<p>La fotograf\u00eda contemplativa\u00a0no busca la imagen perfecta ni la captura t\u00e9cnica impecable, sino vivir una experiencia visual. Inspirada en pr\u00e1cticas como el Miksang, t\u00e9rmino tibetano que significa \u201cojo puro\u201d, nos invita a soltar expectativas, liberarnos del juicio y abrirnos a lo que el entorno nos ofrece en el momento presente. Justo el aqu\u00ed y el ahora del clic de la c\u00e1mara.<\/p>\n<p>La pr\u00e1ctica fotogr\u00e1fica se convierte en un proceso para sincronizar la mirada con el latido del coraz\u00f3n y la respiraci\u00f3n. Cada encuadre es una pausa, una invitaci\u00f3n a detener el caos interno y permitir que la imagen se revele sin imposiciones. Lo que te regala tu mirada.<\/p>\n<p>Y si te has quedado con ganas de m\u00e1s\u2026el art\u00edculo completo te est\u00e1 esperando en este enlace, con calma, como debe ser:<\/p>\n<p><a href=\"https:\/\/andanafoto.com\/mindfulness-y-fotografia-reconectar-con-el-momento-presente\/\" target=\"_blank\" rel=\"noopener\">Mindfulness y Fotograf\u00eda: Reconectar con el momento presente.<\/a><\/p>\n","protected":false},"excerpt":{"rendered":"<p>La fotograf\u00eda contemplativa\u00a0no busca la imagen perfecta ni la captura t\u00e9cnica impecable, sino vivir una experiencia visual.<\/p>\n","protected":false},"author":2,"featured_media":0,"menu_order":0,"comment_status":"open","ping_status":"closed","template":"","meta":{"episode_type":"audio","audio_file":"https:\/\/andanafoto.com\/wp-content\/uploads\/2026\/04\/35-La-fotografia-contemplativa-con-calma_web.mp3","podmotor_file_id":"","podmotor_episode_id":"","cover_image":"https:\/\/andanafoto.com\/wp-content\/uploads\/2026\/04\/Mindfulness-y-fotografia-Amparo-Munoz-Morella.jpg","cover_image_id":"63504","duration":"00:00:53","filesize":"373.57k","filesize_raw":"382532","date_recorded":"2026-04-16 21:36:42","explicit":"","block":"","itunes_episode_number":"","itunes_title":"","itunes_season_number":"","itunes_episode_type":""},"tags":[617,642,643,250,780,615,630,441,779,616,698,666,635,700],"series":[567],"speaker":[577],"class_list":["post-63501","podcast","type-podcast","status-publish","hentry","tag-atencion-plena","tag-bienestar-emocional","tag-calma-mental","tag-creatividad","tag-experiencia-visual","tag-fotografia-consciente","tag-fotografia-contemplativa","tag-meditacion","tag-miksang","tag-mindfulness","tag-mirada-consciente","tag-observacion","tag-practica-fotografica","tag-presente","series-eresaquelloquemiras","speaker-amparo-munoz-morella","description-off"],"episode_featured_image":false,"episode_player_image":"https:\/\/andanafoto.com\/wp-content\/uploads\/2026\/04\/Mindfulness-y-fotografia-Amparo-Munoz-Morella.jpg","download_link":"https:\/\/andanafoto.com\/en\/podcast-download\/63501\/la-fotografia-contemplativa-con-calma.mp3","player_link":"https:\/\/andanafoto.com\/en\/podcast-player\/63501\/la-fotografia-contemplativa-con-calma.mp3","audio_player":null,"episode_data":{"playerMode":"dark","subscribeUrls":{"amazon":{"key":"amazon","url":"","label":"Amazon","class":"amazon","icon":"amazon.png"},"anchor":{"key":"anchor","url":"","label":"Anchor","class":"anchor","icon":"anchor.png"},"audible":{"key":"audible","url":"","label":"Audible","class":"audible","icon":"audible.png"},"apple_podcasts":{"key":"apple_podcasts","url":"https:\/\/podcasts.apple.com\/us\/podcast\/eres-quello-que-miras\/id1893321025","label":"Apple Podcasts","class":"apple_podcasts","icon":"apple-podcasts.png"},"castbox":{"key":"castbox","url":"","label":"CastBox","class":"castbox","icon":"castbox.png"},"castro":{"key":"castro","url":"","label":"Castro","class":"castro","icon":"castro.png"},"google_podcasts":{"key":"google_podcasts","url":"","label":"Google Podcasts","class":"google_podcasts","icon":"google-podcasts.png"},"pocketcasts":{"key":"pocketcasts","url":"https:\/\/pca.st\/572n09h8","label":"PocketCasts","class":"pocketcasts","icon":"pocketcasts.png"},"rss":{"key":"rss","url":"https:\/\/andanafoto.com\/feed\/podcast\/eresaquelloquemiras\/","label":"RSS","class":"rss","icon":"rss.png"},"spotify":{"key":"spotify","url":"https:\/\/open.spotify.com\/show\/2OkUjYTCp8ZMsiYxkpxYCD","label":"Spotify","class":"spotify","icon":"spotify.png"},"spreaker":{"key":"spreaker","url":"https:\/\/www.spreaker.com\/podcast\/eres-quello-que-miras--6951799","label":"Spreaker","class":"spreaker","icon":"spreaker.png"},"stitcher":{"key":"stitcher","url":"","label":"Stitcher","class":"stitcher","icon":"stitcher.png"},"itunes":{"key":"itunes","url":"","label":"iTunes","class":"itunes","icon":"itunes.png"},"ivoox":{"key":"ivoox","url":"https:\/\/go.ivoox.com\/sq\/3148613","label":"iVoox","class":"ivoox","icon":"ivoox.png"}},"rssFeedUrl":"https:\/\/andanafoto.com\/en\/feed\/podcast\/eresaquelloquemiras","embedCode":"<blockquote class=\"wp-embedded-content\" data-secret=\"OGhu6P4EgV\"><a href=\"https:\/\/andanafoto.com\/en\/podcast\/la-fotografia-contemplativa-con-calma\/\">La fotograf\u00eda contemplativa, con calma<\/a><\/blockquote><iframe sandbox=\"allow-scripts\" security=\"restricted\" src=\"https:\/\/andanafoto.com\/en\/podcast\/la-fotografia-contemplativa-con-calma\/embed\/#?secret=OGhu6P4EgV\" width=\"500\" height=\"350\" title=\"&#8220;La fotograf\u00eda contemplativa, con calma&#8221; &#8212; ANDANAfoto.com\" data-secret=\"OGhu6P4EgV\" frameborder=\"0\" marginwidth=\"0\" marginheight=\"0\" scrolling=\"no\" class=\"wp-embedded-content\"><\/iframe><script>\n\/*! This file is auto-generated *\/\n!function(d,l){\"use strict\";l.querySelector&&d.addEventListener&&\"undefined\"!=typeof URL&&(d.wp=d.wp||{},d.wp.receiveEmbedMessage||(d.wp.receiveEmbedMessage=function(e){var t=e.data;if((t||t.secret||t.message||t.value)&&!\/[^a-zA-Z0-9]\/.test(t.secret)){for(var s,r,n,a=l.querySelectorAll('iframe[data-secret=\"'+t.secret+'\"]'),o=l.querySelectorAll('blockquote[data-secret=\"'+t.secret+'\"]'),c=new RegExp(\"^https?:$\",\"i\"),i=0;i<o.length;i++)o[i].style.display=\"none\";for(i=0;i<a.length;i++)s=a[i],e.source===s.contentWindow&&(s.removeAttribute(\"style\"),\"height\"===t.message?(1e3<(r=parseInt(t.value,10))?r=1e3:~~r<200&&(r=200),s.height=r):\"link\"===t.message&&(r=new URL(s.getAttribute(\"src\")),n=new URL(t.value),c.test(n.protocol))&&n.host===r.host&&l.activeElement===s&&(d.top.location.href=t.value))}},d.addEventListener(\"message\",d.wp.receiveEmbedMessage,!1),l.addEventListener(\"DOMContentLoaded\",function(){for(var e,t,s=l.querySelectorAll(\"iframe.wp-embedded-content\"),r=0;r<s.length;r++)(t=(e=s[r]).getAttribute(\"data-secret\"))||(t=Math.random().toString(36).substring(2,12),e.src+=\"#?secret=\"+t,e.setAttribute(\"data-secret\",t)),e.contentWindow.postMessage({message:\"ready\",secret:t},\"*\")},!1)))}(window,document);\n\/\/# sourceURL=https:\/\/andanafoto.com\/wp-includes\/js\/wp-embed.min.js\n<\/script>\n"},"_links":{"self":[{"href":"https:\/\/andanafoto.com\/en\/wp-json\/wp\/v2\/podcast\/63501","targetHints":{"allow":["GET"]}}],"collection":[{"href":"https:\/\/andanafoto.com\/en\/wp-json\/wp\/v2\/podcast"}],"about":[{"href":"https:\/\/andanafoto.com\/en\/wp-json\/wp\/v2\/types\/podcast"}],"author":[{"embeddable":true,"href":"https:\/\/andanafoto.com\/en\/wp-json\/wp\/v2\/users\/2"}],"replies":[{"embeddable":true,"href":"https:\/\/andanafoto.com\/en\/wp-json\/wp\/v2\/comments?post=63501"}],"wp:attachment":[{"href":"https:\/\/andanafoto.com\/en\/wp-json\/wp\/v2\/media?parent=63501"}],"wp:term":[{"taxonomy":"post_tag","embeddable":true,"href":"https:\/\/andanafoto.com\/en\/wp-json\/wp\/v2\/tags?post=63501"},{"taxonomy":"series","embeddable":true,"href":"https:\/\/andanafoto.com\/en\/wp-json\/wp\/v2\/series?post=63501"},{"taxonomy":"speaker","embeddable":true,"href":"https:\/\/andanafoto.com\/en\/wp-json\/wp\/v2\/speaker?post=63501"}],"curies":[{"name":"wp","href":"https:\/\/api.w.org\/{rel}","templated":true}]}}