{"id":60710,"date":"2022-10-26T12:47:07","date_gmt":"2022-10-26T10:47:07","guid":{"rendered":"https:\/\/andanafoto.com\/?post_type=dt_gallery&#038;p=60710"},"modified":"2025-03-09T20:47:14","modified_gmt":"2025-03-09T19:47:14","slug":"cyanotype","status":"publish","type":"dt_gallery","link":"https:\/\/andanafoto.com\/en\/dt_gallery\/cyanotype\/","title":{"rendered":"CYANOTYPE"},"content":{"rendered":"<h1 style=\"text-align: center;\">Artist Inspiration:<\/h1>\n<h1 style=\"text-align: center;\">Anna Atkins<\/h1>\n\n\t\t\t<style type='text\/css'>\n\t\t\t\t#gallery-1 {\n\t\t\t\t\tmargin: auto;\n\t\t\t\t}\n\t\t\t\t#gallery-1 .gallery-item {\n\t\t\t\t\tfloat: left;\n\t\t\t\t\tmargin-top: 10px;\n\t\t\t\t\ttext-align: center;\n\t\t\t\t\twidth: 100%;\n\t\t\t\t}\n\t\t\t\t#gallery-1 img {\n\t\t\t\t\tborder: 2px solid #cfcfcf;\n\t\t\t\t}\n\t\t\t\t#gallery-1 .gallery-caption {\n\t\t\t\t\tmargin-left: 0;\n\t\t\t\t}\n\t\t\t\t\/* see gallery_shortcode() in wp-includes\/media.php *\/\n\t\t\t<\/style>\n\t\t<div id='gallery-1' class='dt-gallery-container gallery galleryid-60710 gallery-columns-1 gallery-size-full'><dl class='gallery-item'>\n\t\t\t\t<dt class='gallery-icon portrait'>\n\t\t\t\t\t<a class=\"rollover rollover-zoom dt-pswp-item\" title=\"Anna Atkins-1\" data-dt-img-description=\"\" data-large_image_width=\"557\" data-large_image_height=\"781\"href='https:\/\/andanafoto.com\/wp-content\/uploads\/2022\/10\/Anna-Atkins-1.jpg'><img loading=\"lazy\" decoding=\"async\" width=\"557\" height=\"781\" src=\"https:\/\/andanafoto.com\/wp-content\/uploads\/2022\/10\/Anna-Atkins-1.jpg\" class=\"attachment-full size-full\" alt=\"\" srcset=\"https:\/\/andanafoto.com\/wp-content\/uploads\/2022\/10\/Anna-Atkins-1.jpg 557w, https:\/\/andanafoto.com\/wp-content\/uploads\/2022\/10\/Anna-Atkins-1-214x300.jpg 214w\" sizes=\"auto, (max-width: 557px) 100vw, 557px\" \/><\/a>\n\t\t\t\t<\/dt><\/dl><br style=\"clear: both\" \/><dl class='gallery-item'>\n\t\t\t\t<dt class='gallery-icon portrait'>\n\t\t\t\t\t<a class=\"rollover rollover-zoom dt-pswp-item\" title=\"Anna Atkins-2\" data-dt-img-description=\"\" data-large_image_width=\"557\" data-large_image_height=\"740\"href='https:\/\/andanafoto.com\/wp-content\/uploads\/2022\/10\/Anna-Atkins-2.jpg'><img loading=\"lazy\" decoding=\"async\" width=\"557\" height=\"740\" src=\"https:\/\/andanafoto.com\/wp-content\/uploads\/2022\/10\/Anna-Atkins-2.jpg\" class=\"attachment-full size-full\" alt=\"\" srcset=\"https:\/\/andanafoto.com\/wp-content\/uploads\/2022\/10\/Anna-Atkins-2.jpg 557w, https:\/\/andanafoto.com\/wp-content\/uploads\/2022\/10\/Anna-Atkins-2-226x300.jpg 226w\" sizes=\"auto, (max-width: 557px) 100vw, 557px\" \/><\/a>\n\t\t\t\t<\/dt><\/dl><br style=\"clear: both\" \/><dl class='gallery-item'>\n\t\t\t\t<dt class='gallery-icon portrait'>\n\t\t\t\t\t<a class=\"rollover rollover-zoom dt-pswp-item\" title=\"Anna Atkins-3\" data-dt-img-description=\"\" data-large_image_width=\"557\" data-large_image_height=\"764\"href='https:\/\/andanafoto.com\/wp-content\/uploads\/2022\/10\/Anna-Atkins-3.jpg'><img loading=\"lazy\" decoding=\"async\" width=\"557\" height=\"764\" src=\"https:\/\/andanafoto.com\/wp-content\/uploads\/2022\/10\/Anna-Atkins-3.jpg\" class=\"attachment-full size-full\" alt=\"\" srcset=\"https:\/\/andanafoto.com\/wp-content\/uploads\/2022\/10\/Anna-Atkins-3.jpg 557w, https:\/\/andanafoto.com\/wp-content\/uploads\/2022\/10\/Anna-Atkins-3-219x300.jpg 219w\" sizes=\"auto, (max-width: 557px) 100vw, 557px\" \/><\/a>\n\t\t\t\t<\/dt><\/dl><br style=\"clear: both\" \/><dl class='gallery-item'>\n\t\t\t\t<dt class='gallery-icon portrait'>\n\t\t\t\t\t<a class=\"rollover rollover-zoom dt-pswp-item\" title=\"Anna Atkins-4\" data-dt-img-description=\"\" data-large_image_width=\"557\" data-large_image_height=\"761\"href='https:\/\/andanafoto.com\/wp-content\/uploads\/2022\/10\/Anna-Atkins-4.jpg'><img loading=\"lazy\" decoding=\"async\" width=\"557\" height=\"761\" src=\"https:\/\/andanafoto.com\/wp-content\/uploads\/2022\/10\/Anna-Atkins-4.jpg\" class=\"attachment-full size-full\" alt=\"\" srcset=\"https:\/\/andanafoto.com\/wp-content\/uploads\/2022\/10\/Anna-Atkins-4.jpg 557w, https:\/\/andanafoto.com\/wp-content\/uploads\/2022\/10\/Anna-Atkins-4-220x300.jpg 220w\" sizes=\"auto, (max-width: 557px) 100vw, 557px\" \/><\/a>\n\t\t\t\t<\/dt><\/dl><br style=\"clear: both\" \/><dl class='gallery-item'>\n\t\t\t\t<dt class='gallery-icon portrait'>\n\t\t\t\t\t<a class=\"rollover rollover-zoom dt-pswp-item\" title=\"Anna Atkins-5\" data-dt-img-description=\"\" data-large_image_width=\"557\" data-large_image_height=\"735\"href='https:\/\/andanafoto.com\/wp-content\/uploads\/2022\/10\/Anna-Atkins-5.jpg'><img loading=\"lazy\" decoding=\"async\" width=\"557\" height=\"735\" src=\"https:\/\/andanafoto.com\/wp-content\/uploads\/2022\/10\/Anna-Atkins-5.jpg\" class=\"attachment-full size-full\" alt=\"\" srcset=\"https:\/\/andanafoto.com\/wp-content\/uploads\/2022\/10\/Anna-Atkins-5.jpg 557w, https:\/\/andanafoto.com\/wp-content\/uploads\/2022\/10\/Anna-Atkins-5-227x300.jpg 227w\" sizes=\"auto, (max-width: 557px) 100vw, 557px\" \/><\/a>\n\t\t\t\t<\/dt><\/dl><br style=\"clear: both\" \/><dl class='gallery-item'>\n\t\t\t\t<dt class='gallery-icon portrait'>\n\t\t\t\t\t<a class=\"rollover rollover-zoom dt-pswp-item\" title=\"Anna Atkins-6\" data-dt-img-description=\"\" data-large_image_width=\"557\" data-large_image_height=\"727\"href='https:\/\/andanafoto.com\/wp-content\/uploads\/2022\/10\/Anna-Atkins-6.jpg'><img loading=\"lazy\" decoding=\"async\" width=\"557\" height=\"727\" src=\"https:\/\/andanafoto.com\/wp-content\/uploads\/2022\/10\/Anna-Atkins-6.jpg\" class=\"attachment-full size-full\" alt=\"\" srcset=\"https:\/\/andanafoto.com\/wp-content\/uploads\/2022\/10\/Anna-Atkins-6.jpg 557w, https:\/\/andanafoto.com\/wp-content\/uploads\/2022\/10\/Anna-Atkins-6-230x300.jpg 230w\" sizes=\"auto, (max-width: 557px) 100vw, 557px\" \/><\/a>\n\t\t\t\t<\/dt><\/dl><br style=\"clear: both\" \/><dl class='gallery-item'>\n\t\t\t\t<dt class='gallery-icon portrait'>\n\t\t\t\t\t<a class=\"rollover rollover-zoom dt-pswp-item\" title=\"Anna Atkins-7\" data-dt-img-description=\"\" data-large_image_width=\"557\" data-large_image_height=\"750\"href='https:\/\/andanafoto.com\/wp-content\/uploads\/2022\/10\/Anna-Atkins-7.jpg'><img loading=\"lazy\" decoding=\"async\" width=\"557\" height=\"750\" src=\"https:\/\/andanafoto.com\/wp-content\/uploads\/2022\/10\/Anna-Atkins-7.jpg\" class=\"attachment-full size-full\" alt=\"\" srcset=\"https:\/\/andanafoto.com\/wp-content\/uploads\/2022\/10\/Anna-Atkins-7.jpg 557w, https:\/\/andanafoto.com\/wp-content\/uploads\/2022\/10\/Anna-Atkins-7-223x300.jpg 223w\" sizes=\"auto, (max-width: 557px) 100vw, 557px\" \/><\/a>\n\t\t\t\t<\/dt><\/dl><br style=\"clear: both\" \/>\n\t\t\t<\/div>\n\n<p><span style=\"font-family: verdana, geneva, sans-serif; font-size: 12pt;\">Anna Atkins, [<span class=\"HwtZe\" lang=\"en\"><span class=\"jCAhz ChMk0b\"><span class=\"ryNqvb\">Photography<\/span><\/span><\/span>]. Recovered from:https:\/\/historia-arte.com\/obras\/fotografias-de-algas-inglesas<\/span><\/p>\n<p>&nbsp;<\/p>\n<h1 style=\"text-align: center;\">Clara S\u00e1nchez Sala<\/h1>\n<p style=\"text-align: center;\"><strong><span style=\"font-family: verdana, geneva, sans-serif; font-size: 12pt;\">L\u2019ombra es mida de la llum i la vida<\/span><\/strong><\/p>\n\n\t\t\t<style type='text\/css'>\n\t\t\t\t#gallery-2 {\n\t\t\t\t\tmargin: auto;\n\t\t\t\t}\n\t\t\t\t#gallery-2 .gallery-item {\n\t\t\t\t\tfloat: left;\n\t\t\t\t\tmargin-top: 10px;\n\t\t\t\t\ttext-align: center;\n\t\t\t\t\twidth: 100%;\n\t\t\t\t}\n\t\t\t\t#gallery-2 img {\n\t\t\t\t\tborder: 2px solid #cfcfcf;\n\t\t\t\t}\n\t\t\t\t#gallery-2 .gallery-caption {\n\t\t\t\t\tmargin-left: 0;\n\t\t\t\t}\n\t\t\t\t\/* see gallery_shortcode() in wp-includes\/media.php *\/\n\t\t\t<\/style>\n\t\t<div id='gallery-2' class='dt-gallery-container gallery galleryid-60710 gallery-columns-1 gallery-size-full'><dl class='gallery-item'>\n\t\t\t\t<dt class='gallery-icon landscape'>\n\t\t\t\t\t<a class=\"rollover rollover-zoom dt-pswp-item\" title=\"Clara Sa\u0301nchez Sala-CCCC\" data-dt-img-description=\"\" data-large_image_width=\"900\" data-large_image_height=\"629\"href='https:\/\/andanafoto.com\/wp-content\/uploads\/2022\/10\/Clara-Sa\u0301nchez-Sala-CCCC.jpg'><img loading=\"lazy\" decoding=\"async\" width=\"900\" height=\"629\" src=\"https:\/\/andanafoto.com\/wp-content\/uploads\/2022\/10\/Clara-Sa\u0301nchez-Sala-CCCC.jpg\" class=\"attachment-full size-full\" alt=\"\" srcset=\"https:\/\/andanafoto.com\/wp-content\/uploads\/2022\/10\/Clara-Sa\u0301nchez-Sala-CCCC.jpg 900w, https:\/\/andanafoto.com\/wp-content\/uploads\/2022\/10\/Clara-Sa\u0301nchez-Sala-CCCC-300x210.jpg 300w, https:\/\/andanafoto.com\/wp-content\/uploads\/2022\/10\/Clara-Sa\u0301nchez-Sala-CCCC-768x537.jpg 768w\" sizes=\"auto, (max-width: 900px) 100vw, 900px\" \/><\/a>\n\t\t\t\t<\/dt><\/dl><br style=\"clear: both\" \/>\n\t\t\t<\/div>\n\n<p>&nbsp;<\/p>\n<h1 style=\"text-align: center;\">Clara S\u00e1nchez Sala<\/h1>\n<p style=\"text-align: center;\"><strong><span style=\"font-family: verdana, geneva, sans-serif; font-size: 12pt;\">Islas ut\u00f3picas<\/span><\/strong><\/p>\n\n\t\t\t<style type='text\/css'>\n\t\t\t\t#gallery-3 {\n\t\t\t\t\tmargin: auto;\n\t\t\t\t}\n\t\t\t\t#gallery-3 .gallery-item {\n\t\t\t\t\tfloat: left;\n\t\t\t\t\tmargin-top: 10px;\n\t\t\t\t\ttext-align: center;\n\t\t\t\t\twidth: 100%;\n\t\t\t\t}\n\t\t\t\t#gallery-3 img {\n\t\t\t\t\tborder: 2px solid #cfcfcf;\n\t\t\t\t}\n\t\t\t\t#gallery-3 .gallery-caption {\n\t\t\t\t\tmargin-left: 0;\n\t\t\t\t}\n\t\t\t\t\/* see gallery_shortcode() in wp-includes\/media.php *\/\n\t\t\t<\/style>\n\t\t<div id='gallery-3' class='dt-gallery-container gallery galleryid-60710 gallery-columns-1 gallery-size-full'><dl class='gallery-item'>\n\t\t\t\t<dt class='gallery-icon landscape'>\n\t\t\t\t\t<a class=\"rollover rollover-zoom dt-pswp-item\" title=\"clara_sanchez_sala-cianotipia-3\" data-dt-img-description=\"\" data-large_image_width=\"1024\" data-large_image_height=\"594\"href='https:\/\/andanafoto.com\/wp-content\/uploads\/2022\/10\/clara_sanchez_sala-cianotipia-3.jpg'><img loading=\"lazy\" decoding=\"async\" width=\"1024\" height=\"594\" src=\"https:\/\/andanafoto.com\/wp-content\/uploads\/2022\/10\/clara_sanchez_sala-cianotipia-3.jpg\" class=\"attachment-full size-full\" alt=\"\" srcset=\"https:\/\/andanafoto.com\/wp-content\/uploads\/2022\/10\/clara_sanchez_sala-cianotipia-3.jpg 1024w, https:\/\/andanafoto.com\/wp-content\/uploads\/2022\/10\/clara_sanchez_sala-cianotipia-3-300x174.jpg 300w, https:\/\/andanafoto.com\/wp-content\/uploads\/2022\/10\/clara_sanchez_sala-cianotipia-3-768x446.jpg 768w\" sizes=\"auto, (max-width: 1024px) 100vw, 1024px\" \/><\/a>\n\t\t\t\t<\/dt><\/dl><br style=\"clear: both\" \/>\n\t\t\t<\/div>\n\n<p><span style=\"font-family: verdana, geneva, sans-serif; font-size: 12pt;\">Clara S\u00e1nchez Sala, [<span class=\"HwtZe\" lang=\"en\"><span class=\"jCAhz ChMk0b\"><span class=\"ryNqvb\">Photography<\/span><\/span><\/span>]. Recovered from:https:\/\/masdearte.com\/especiales\/clara-sanchez-sala\/<\/span><\/p>\n<p>&nbsp;<\/p>\n<h1 style=\"text-align: center;\">Clara S\u00e1nchez Sala<\/h1>\n<p style=\"text-align: center;\"><span style=\"font-family: verdana, geneva, sans-serif; font-size: 12pt;\"><strong>Landscape through a car window<\/strong><\/span><\/p>\n\n\t\t\t<style type='text\/css'>\n\t\t\t\t#gallery-4 {\n\t\t\t\t\tmargin: auto;\n\t\t\t\t}\n\t\t\t\t#gallery-4 .gallery-item {\n\t\t\t\t\tfloat: left;\n\t\t\t\t\tmargin-top: 10px;\n\t\t\t\t\ttext-align: center;\n\t\t\t\t\twidth: 100%;\n\t\t\t\t}\n\t\t\t\t#gallery-4 img {\n\t\t\t\t\tborder: 2px solid #cfcfcf;\n\t\t\t\t}\n\t\t\t\t#gallery-4 .gallery-caption {\n\t\t\t\t\tmargin-left: 0;\n\t\t\t\t}\n\t\t\t\t\/* see gallery_shortcode() in wp-includes\/media.php *\/\n\t\t\t<\/style>\n\t\t<div id='gallery-4' class='dt-gallery-container gallery galleryid-60710 gallery-columns-1 gallery-size-full'><dl class='gallery-item'>\n\t\t\t\t<dt class='gallery-icon landscape'>\n\t\t\t\t\t<a class=\"rollover rollover-zoom dt-pswp-item\" title=\"clara_sanchez_sala-cianotipia-2\" data-dt-img-description=\"\" data-large_image_width=\"1024\" data-large_image_height=\"740\"href='https:\/\/andanafoto.com\/wp-content\/uploads\/2022\/10\/clara_sanchez_sala-cianotipia-2.jpg'><img loading=\"lazy\" decoding=\"async\" width=\"1024\" height=\"740\" src=\"https:\/\/andanafoto.com\/wp-content\/uploads\/2022\/10\/clara_sanchez_sala-cianotipia-2.jpg\" class=\"attachment-full size-full\" alt=\"\" srcset=\"https:\/\/andanafoto.com\/wp-content\/uploads\/2022\/10\/clara_sanchez_sala-cianotipia-2.jpg 1024w, https:\/\/andanafoto.com\/wp-content\/uploads\/2022\/10\/clara_sanchez_sala-cianotipia-2-300x217.jpg 300w, https:\/\/andanafoto.com\/wp-content\/uploads\/2022\/10\/clara_sanchez_sala-cianotipia-2-768x555.jpg 768w\" sizes=\"auto, (max-width: 1024px) 100vw, 1024px\" \/><\/a>\n\t\t\t\t<\/dt><\/dl><br style=\"clear: both\" \/>\n\t\t\t<\/div>\n\n<p>&nbsp;<\/p>\n<h1 style=\"text-align: center;\">Clara S\u00e1nchez Sala<\/h1>\n<p style=\"text-align: center;\"><span style=\"font-family: verdana, geneva, sans-serif; font-size: 12pt;\"><strong>Sun gardens<br \/>\n<\/strong><\/span><\/p>\n\n\t\t\t<style type='text\/css'>\n\t\t\t\t#gallery-5 {\n\t\t\t\t\tmargin: auto;\n\t\t\t\t}\n\t\t\t\t#gallery-5 .gallery-item {\n\t\t\t\t\tfloat: left;\n\t\t\t\t\tmargin-top: 10px;\n\t\t\t\t\ttext-align: center;\n\t\t\t\t\twidth: 100%;\n\t\t\t\t}\n\t\t\t\t#gallery-5 img {\n\t\t\t\t\tborder: 2px solid #cfcfcf;\n\t\t\t\t}\n\t\t\t\t#gallery-5 .gallery-caption {\n\t\t\t\t\tmargin-left: 0;\n\t\t\t\t}\n\t\t\t\t\/* see gallery_shortcode() in wp-includes\/media.php *\/\n\t\t\t<\/style>\n\t\t<div id='gallery-5' class='dt-gallery-container gallery galleryid-60710 gallery-columns-1 gallery-size-full'><dl class='gallery-item'>\n\t\t\t\t<dt class='gallery-icon landscape'>\n\t\t\t\t\t<a class=\"rollover rollover-zoom dt-pswp-item\" title=\"clara_sanchez_sala-cianotipia-4\" data-dt-img-description=\"\" data-large_image_width=\"1024\" data-large_image_height=\"648\"href='https:\/\/andanafoto.com\/wp-content\/uploads\/2022\/10\/clara_sanchez_sala-cianotipia-4.jpg'><img loading=\"lazy\" decoding=\"async\" width=\"1024\" height=\"648\" src=\"https:\/\/andanafoto.com\/wp-content\/uploads\/2022\/10\/clara_sanchez_sala-cianotipia-4.jpg\" class=\"attachment-full size-full\" alt=\"\" srcset=\"https:\/\/andanafoto.com\/wp-content\/uploads\/2022\/10\/clara_sanchez_sala-cianotipia-4.jpg 1024w, https:\/\/andanafoto.com\/wp-content\/uploads\/2022\/10\/clara_sanchez_sala-cianotipia-4-300x190.jpg 300w, https:\/\/andanafoto.com\/wp-content\/uploads\/2022\/10\/clara_sanchez_sala-cianotipia-4-768x486.jpg 768w\" sizes=\"auto, (max-width: 1024px) 100vw, 1024px\" \/><\/a>\n\t\t\t\t<\/dt><\/dl><br style=\"clear: both\" \/><dl class='gallery-item'>\n\t\t\t\t<dt class='gallery-icon landscape'>\n\t\t\t\t\t<a class=\"rollover rollover-zoom dt-pswp-item\" title=\"clara_sanchez_sala-cianotipia-5\" data-dt-img-description=\"\" data-large_image_width=\"1024\" data-large_image_height=\"665\"href='https:\/\/andanafoto.com\/wp-content\/uploads\/2022\/10\/clara_sanchez_sala-cianotipia-5.jpg'><img loading=\"lazy\" decoding=\"async\" width=\"1024\" height=\"665\" src=\"https:\/\/andanafoto.com\/wp-content\/uploads\/2022\/10\/clara_sanchez_sala-cianotipia-5.jpg\" class=\"attachment-full size-full\" alt=\"\" srcset=\"https:\/\/andanafoto.com\/wp-content\/uploads\/2022\/10\/clara_sanchez_sala-cianotipia-5.jpg 1024w, https:\/\/andanafoto.com\/wp-content\/uploads\/2022\/10\/clara_sanchez_sala-cianotipia-5-300x195.jpg 300w, https:\/\/andanafoto.com\/wp-content\/uploads\/2022\/10\/clara_sanchez_sala-cianotipia-5-768x499.jpg 768w\" sizes=\"auto, (max-width: 1024px) 100vw, 1024px\" \/><\/a>\n\t\t\t\t<\/dt><\/dl><br style=\"clear: both\" \/>\n\t\t\t<\/div>\n\n<p><span style=\"font-family: verdana, geneva, sans-serif; font-size: 12pt;\">Clara S\u00e1nchez Sala, [<span class=\"HwtZe\" lang=\"en\"><span class=\"jCAhz ChMk0b\"><span class=\"ryNqvb\">Photography<\/span><\/span><\/span>]. Recovered from:https:\/\/masdearte.com\/especiales\/clara-sanchez-sala\/<\/span><\/p>\n<p>&nbsp;<\/p>\n<h1 style=\"text-align: center;\">Clara S\u00e1nchez Sala<\/h1>\n<p style=\"text-align: center;\"><strong><span style=\"font-family: verdana, geneva, sans-serif; font-size: 12pt;\">Series vegetales<\/span><br \/>\n<\/strong><\/p>\n\n\t\t\t<style type='text\/css'>\n\t\t\t\t#gallery-6 {\n\t\t\t\t\tmargin: auto;\n\t\t\t\t}\n\t\t\t\t#gallery-6 .gallery-item {\n\t\t\t\t\tfloat: left;\n\t\t\t\t\tmargin-top: 10px;\n\t\t\t\t\ttext-align: center;\n\t\t\t\t\twidth: 100%;\n\t\t\t\t}\n\t\t\t\t#gallery-6 img {\n\t\t\t\t\tborder: 2px solid #cfcfcf;\n\t\t\t\t}\n\t\t\t\t#gallery-6 .gallery-caption {\n\t\t\t\t\tmargin-left: 0;\n\t\t\t\t}\n\t\t\t\t\/* see gallery_shortcode() in wp-includes\/media.php *\/\n\t\t\t<\/style>\n\t\t<div id='gallery-6' class='dt-gallery-container gallery galleryid-60710 gallery-columns-1 gallery-size-full'><dl class='gallery-item'>\n\t\t\t\t<dt class='gallery-icon landscape'>\n\t\t\t\t\t<a class=\"rollover rollover-zoom dt-pswp-item\" title=\"clara_sanchez_sala-cianotipia-6\" data-dt-img-description=\"\" data-large_image_width=\"684\" data-large_image_height=\"684\"href='https:\/\/andanafoto.com\/wp-content\/uploads\/2022\/10\/clara_sanchez_sala-cianotipia-6.png'><img loading=\"lazy\" decoding=\"async\" width=\"684\" height=\"684\" src=\"https:\/\/andanafoto.com\/wp-content\/uploads\/2022\/10\/clara_sanchez_sala-cianotipia-6.png\" class=\"attachment-full size-full\" alt=\"\" srcset=\"https:\/\/andanafoto.com\/wp-content\/uploads\/2022\/10\/clara_sanchez_sala-cianotipia-6.png 684w, https:\/\/andanafoto.com\/wp-content\/uploads\/2022\/10\/clara_sanchez_sala-cianotipia-6-300x300.png 300w, https:\/\/andanafoto.com\/wp-content\/uploads\/2022\/10\/clara_sanchez_sala-cianotipia-6-150x150.png 150w, https:\/\/andanafoto.com\/wp-content\/uploads\/2022\/10\/clara_sanchez_sala-cianotipia-6-24x24.png 24w, https:\/\/andanafoto.com\/wp-content\/uploads\/2022\/10\/clara_sanchez_sala-cianotipia-6-48x48.png 48w, https:\/\/andanafoto.com\/wp-content\/uploads\/2022\/10\/clara_sanchez_sala-cianotipia-6-96x96.png 96w\" sizes=\"auto, (max-width: 684px) 100vw, 684px\" \/><\/a>\n\t\t\t\t<\/dt><\/dl><br style=\"clear: both\" \/>\n\t\t\t<\/div>\n\n<p><span style=\"font-family: verdana, geneva, sans-serif; font-size: 12pt;\">Clara S\u00e1nchez Sala, [<span class=\"HwtZe\" lang=\"en\"><span class=\"jCAhz ChMk0b\"><span class=\"ryNqvb\">Photography<\/span><\/span><\/span>]. Recovered from:https:\/\/www.instagram.com\/clarasanchezsala\/?hl=es<\/span><\/p>\n\n\t\t\t<style type='text\/css'>\n\t\t\t\t#gallery-7 {\n\t\t\t\t\tmargin: auto;\n\t\t\t\t}\n\t\t\t\t#gallery-7 .gallery-item {\n\t\t\t\t\tfloat: left;\n\t\t\t\t\tmargin-top: 10px;\n\t\t\t\t\ttext-align: center;\n\t\t\t\t\twidth: 100%;\n\t\t\t\t}\n\t\t\t\t#gallery-7 img {\n\t\t\t\t\tborder: 2px solid #cfcfcf;\n\t\t\t\t}\n\t\t\t\t#gallery-7 .gallery-caption {\n\t\t\t\t\tmargin-left: 0;\n\t\t\t\t}\n\t\t\t\t\/* see gallery_shortcode() in wp-includes\/media.php *\/\n\t\t\t<\/style>\n\t\t<div id='gallery-7' class='dt-gallery-container gallery galleryid-60710 gallery-columns-1 gallery-size-full'><dl class='gallery-item'>\n\t\t\t\t<dt class='gallery-icon landscape'>\n\t\t\t\t\t<a class=\"rollover rollover-zoom dt-pswp-item\" title=\"clara_sanchez_sala-cianotipia-1\" data-dt-img-description=\"\" data-large_image_width=\"1781\" data-large_image_height=\"1180\"href='https:\/\/andanafoto.com\/wp-content\/uploads\/2022\/10\/clara_sanchez_sala-cianotipia-1.jpg'><img loading=\"lazy\" decoding=\"async\" width=\"1781\" height=\"1180\" src=\"https:\/\/andanafoto.com\/wp-content\/uploads\/2022\/10\/clara_sanchez_sala-cianotipia-1.jpg\" class=\"attachment-full size-full\" alt=\"\" srcset=\"https:\/\/andanafoto.com\/wp-content\/uploads\/2022\/10\/clara_sanchez_sala-cianotipia-1.jpg 1781w, https:\/\/andanafoto.com\/wp-content\/uploads\/2022\/10\/clara_sanchez_sala-cianotipia-1-300x199.jpg 300w, https:\/\/andanafoto.com\/wp-content\/uploads\/2022\/10\/clara_sanchez_sala-cianotipia-1-1024x678.jpg 1024w, https:\/\/andanafoto.com\/wp-content\/uploads\/2022\/10\/clara_sanchez_sala-cianotipia-1-768x509.jpg 768w, https:\/\/andanafoto.com\/wp-content\/uploads\/2022\/10\/clara_sanchez_sala-cianotipia-1-1536x1018.jpg 1536w\" sizes=\"auto, (max-width: 1781px) 100vw, 1781px\" \/><\/a>\n\t\t\t\t<\/dt><\/dl><br style=\"clear: both\" \/>\n\t\t\t<\/div>\n\n<p><span style=\"font-family: verdana, geneva, sans-serif; font-size: 12pt;\">Clara S\u00e1nchez Sala, [<span class=\"HwtZe\" lang=\"en\"><span class=\"jCAhz ChMk0b\"><span class=\"ryNqvb\">Photography<\/span><\/span><\/span>]. Recovered from:https:\/\/www.arteinformado.com\/galeria\/clara-sanchez-sala\/dcoupes-27023<\/span><\/p>\n<p>&nbsp;<\/p>\n<hr \/>\n<p>&nbsp;<\/p>\n<p style=\"text-align: justify;\"><a href=\"https:\/\/amzn.to\/3TXPoRH\"><img loading=\"lazy\" decoding=\"async\" class=\"alignnone wp-image-52771 size-thumbnail\" src=\"https:\/\/andanafoto.com\/wp-content\/uploads\/2022\/10\/Set-cianotipia-300-150x150.jpg\" alt=\"\" width=\"150\" height=\"150\" srcset=\"https:\/\/andanafoto.com\/wp-content\/uploads\/2022\/10\/Set-cianotipia-300-150x150.jpg 150w, https:\/\/andanafoto.com\/wp-content\/uploads\/2022\/10\/Set-cianotipia-300-24x24.jpg 24w, https:\/\/andanafoto.com\/wp-content\/uploads\/2022\/10\/Set-cianotipia-300-48x48.jpg 48w, https:\/\/andanafoto.com\/wp-content\/uploads\/2022\/10\/Set-cianotipia-300-96x96.jpg 96w, https:\/\/andanafoto.com\/wp-content\/uploads\/2022\/10\/Set-cianotipia-300.jpg 300w\" sizes=\"auto, (max-width: 150px) 100vw, 150px\" \/><\/a><\/p>\n<p style=\"text-align: justify;\"><strong>Cyanotype product set (A and B):<\/strong><\/p>\n<p><a href=\"https:\/\/amzn.to\/3TXPoRH\" target=\"_blank\" rel=\"noopener\">https:\/\/amzn.to\/3TXPoRH<\/a><\/p>\n<p>&nbsp;<\/p>\n<p style=\"text-align: justify;\"><strong><a href=\"https:\/\/amzn.to\/3gKvY4v\"><img loading=\"lazy\" decoding=\"async\" class=\"alignnone wp-image-52774 size-full\" src=\"https:\/\/andanafoto.com\/wp-content\/uploads\/2022\/10\/Papel-con-cianotipia.jpg\" alt=\"\" width=\"150\" height=\"150\" srcset=\"https:\/\/andanafoto.com\/wp-content\/uploads\/2022\/10\/Papel-con-cianotipia.jpg 150w, https:\/\/andanafoto.com\/wp-content\/uploads\/2022\/10\/Papel-con-cianotipia-24x24.jpg 24w, https:\/\/andanafoto.com\/wp-content\/uploads\/2022\/10\/Papel-con-cianotipia-48x48.jpg 48w, https:\/\/andanafoto.com\/wp-content\/uploads\/2022\/10\/Papel-con-cianotipia-96x96.jpg 96w\" sizes=\"auto, (max-width: 150px) 100vw, 150px\" \/><\/a><\/strong><\/p>\n<p style=\"text-align: justify;\"><strong>Paper with photosensitive solution cyanotype:<\/strong><\/p>\n<p><a href=\"https:\/\/amzn.to\/3gKvY4v\" target=\"_blank\" rel=\"noopener\">https:\/\/amzn.to\/3gKvY4v<\/a><\/p>\n<p>&nbsp;<\/p>\n<p style=\"text-align: justify;\"><strong><a href=\"https:\/\/amzn.to\/3gCBndD\"><img loading=\"lazy\" decoding=\"async\" class=\"alignnone wp-image-52776 size-full\" src=\"https:\/\/andanafoto.com\/wp-content\/uploads\/2022\/10\/Set-cianotipia.jpg\" alt=\"\" width=\"150\" height=\"150\" srcset=\"https:\/\/andanafoto.com\/wp-content\/uploads\/2022\/10\/Set-cianotipia.jpg 150w, https:\/\/andanafoto.com\/wp-content\/uploads\/2022\/10\/Set-cianotipia-24x24.jpg 24w, https:\/\/andanafoto.com\/wp-content\/uploads\/2022\/10\/Set-cianotipia-48x48.jpg 48w, https:\/\/andanafoto.com\/wp-content\/uploads\/2022\/10\/Set-cianotipia-96x96.jpg 96w\" sizes=\"auto, (max-width: 150px) 100vw, 150px\" \/><\/a><\/strong><\/p>\n<p style=\"text-align: justify;\"><strong>Cyanotype set:<\/strong><\/p>\n<p><a href=\"https:\/\/amzn.to\/3gCBndD\" target=\"_blank\" rel=\"noopener\">https:\/\/amzn.to\/3gCBndD<\/a><\/p>\n<p>&nbsp;<\/p>\n<p style=\"text-align: justify;\"><strong><a href=\"https:\/\/www.jacquardcyanotype.com\/\"><img loading=\"lazy\" decoding=\"async\" class=\"alignnone wp-image-52779 size-full\" src=\"https:\/\/andanafoto.com\/wp-content\/uploads\/2022\/10\/Generador-de-negativos.jpg\" alt=\"\" width=\"200\" height=\"133\" \/><\/a><\/strong><\/p>\n<p style=\"text-align: justify;\"><strong>Negative generator:<\/strong><\/p>\n<p><a href=\"https:\/\/www.jacquardcyanotype.com\/\" target=\"_blank\" rel=\"noopener\">https:\/\/www.jacquardcyanotype.com\/<\/a><\/p>\n<p>&nbsp;<\/p>\n<p><span style=\"font-family: verdana, geneva, sans-serif; font-size: 12pt;\">Artist\u2019s content is used solely for the purpose of photography teaching and personal development.<\/span><\/p>\n","protected":false},"excerpt":{"rendered":"<p>Artist Inspiration: Anna Atkins Anna Atkins, [Photography]. Recovered from:https:\/\/historia-arte.com\/obras\/fotografias-de-algas-inglesas &nbsp; Clara S\u00e1nchez Sala L\u2019ombra es mida de la llum i la vida &nbsp; Clara S\u00e1nchez Sala Islas ut\u00f3picas Clara S\u00e1nchez Sala, [Photography]. Recovered from:https:\/\/masdearte.com\/especiales\/clara-sanchez-sala\/ &nbsp; Clara S\u00e1nchez Sala Landscape through a car window &nbsp; Clara S\u00e1nchez Sala Sun gardens Clara S\u00e1nchez Sala, [Photography]. Recovered from:https:\/\/masdearte.com\/especiales\/clara-sanchez-sala\/&hellip;<\/p>\n","protected":false},"author":1,"featured_media":52068,"comment_status":"closed","ping_status":"closed","template":"","dt_gallery_category":[],"class_list":["post-60710","dt_gallery","type-dt_gallery","status-publish","has-post-thumbnail","hentry","description-off"],"_links":{"self":[{"href":"https:\/\/andanafoto.com\/en\/wp-json\/wp\/v2\/dt_gallery\/60710","targetHints":{"allow":["GET"]}}],"collection":[{"href":"https:\/\/andanafoto.com\/en\/wp-json\/wp\/v2\/dt_gallery"}],"about":[{"href":"https:\/\/andanafoto.com\/en\/wp-json\/wp\/v2\/types\/dt_gallery"}],"author":[{"embeddable":true,"href":"https:\/\/andanafoto.com\/en\/wp-json\/wp\/v2\/users\/1"}],"replies":[{"embeddable":true,"href":"https:\/\/andanafoto.com\/en\/wp-json\/wp\/v2\/comments?post=60710"}],"version-history":[{"count":4,"href":"https:\/\/andanafoto.com\/en\/wp-json\/wp\/v2\/dt_gallery\/60710\/revisions"}],"predecessor-version":[{"id":60714,"href":"https:\/\/andanafoto.com\/en\/wp-json\/wp\/v2\/dt_gallery\/60710\/revisions\/60714"}],"wp:featuredmedia":[{"embeddable":true,"href":"https:\/\/andanafoto.com\/en\/wp-json\/wp\/v2\/media\/52068"}],"wp:attachment":[{"href":"https:\/\/andanafoto.com\/en\/wp-json\/wp\/v2\/media?parent=60710"}],"wp:term":[{"taxonomy":"dt_gallery_category","embeddable":true,"href":"https:\/\/andanafoto.com\/en\/wp-json\/wp\/v2\/dt_gallery_category?post=60710"}],"curies":[{"name":"wp","href":"https:\/\/api.w.org\/{rel}","templated":true}]}}